{"id":3820,"date":"2021-02-25T11:02:14","date_gmt":"2021-02-25T11:02:14","guid":{"rendered":"https:\/\/www.anteaprevencion.com\/?post_type=sedes&#038;p=3820"},"modified":"2023-11-13T08:27:48","modified_gmt":"2023-11-13T08:27:48","slug":"antea-antequera","status":"publish","type":"sedes","link":"https:\/\/www.anteaprevencion.com\/cat\/sedes\/antea-antequera\/","title":{"rendered":"DELEGACI\u00d3 DE ANTEQUERA"},"content":{"rendered":"<h5>Serveis Antea Antequera<\/h5>\n\n\n\n<ul><li>Prevenci\u00f3 Riscos Laborals<\/li><li>Vigil\u00e0ncia de la Salut<\/li><li>Pla unico PRL<\/li><li>Prevenci\u00f3 Aut\u00f2noms<\/li><li>Serveis Especialitzats<\/li><li>Formaci\u00f3<\/li><li>Reconeixements M\u00e8dics<\/li><\/ul>\n\n\n\n<p><\/p>","protected":false},"featured_media":4353,"template":"","yoast_head":"<!-- This site is optimized with the Yoast SEO plugin v15.8 - https:\/\/yoast.com\/wordpress\/plugins\/seo\/ -->\r\n<title>Delegaci\u00f3n de Antequera - Prevenci\u00f3n de Riesgos Laborales | PRL | Antea Prevenci\u00f3n<\/title>\r\n<meta name=\"description\" content=\"{:es}Prevenci\u00f3n Riesgos Laborales Vigilancia de la Salud{:}\" \/>\r\n<meta name=\"robots\" content=\"index, follow, max-snippet:-1, max-image-preview:large, max-video-preview:-1\" \/>\r\n<link rel=\"canonical\" href=\"https:\/\/www.anteaprevencion.com\/cat\/sedes\/antea-antequera\/\" \/>\r\n<meta property=\"og:locale\" content=\"ca_ES\" \/>\r\n<meta property=\"og:type\" content=\"article\" \/>\r\n<meta property=\"og:title\" content=\"Delegaci\u00f3n de Antequera - Prevenci\u00f3n de Riesgos Laborales | PRL | Antea Prevenci\u00f3n\" \/>\r\n<meta property=\"og:description\" content=\"{:es}Prevenci\u00f3n Riesgos Laborales Vigilancia de la Salud{:}\" \/>\r\n<meta property=\"og:url\" content=\"https:\/\/www.anteaprevencion.com\/cat\/sedes\/antea-antequera\/\" \/>\r\n<meta property=\"og:site_name\" content=\"Prevenci\u00f3n de Riesgos Laborales | PRL | Antea Prevenci\u00f3n\" \/>\r\n<meta property=\"article:modified_time\" content=\"2023-11-13T08:27:48+00:00\" \/>\r\n<meta property=\"og:image\" content=\"https:\/\/www.anteaprevencion.com\/wp-content\/uploads\/2021\/02\/antequera-wb.png\" \/>\r\n\t<meta property=\"og:image:width\" content=\"1000\" \/>\r\n\t<meta property=\"og:image:height\" content=\"750\" \/>\r\n<meta name=\"twitter:card\" content=\"summary_large_image\" \/>\r\n<meta name=\"twitter:label1\" content=\"Temps estimat de lectura\">\n\t<meta name=\"twitter:data1\" content=\"1 minut\">\r\n<script type=\"application\/ld+json\" class=\"yoast-schema-graph\">{\"@context\":\"https:\/\/schema.org\",\"@graph\":[{\"@type\":\"WebSite\",\"@id\":\"https:\/\/www.anteaprevencion.com\/#website\",\"url\":\"https:\/\/www.anteaprevencion.com\/\",\"name\":\"Prevenci\\u00f3n de Riesgos Laborales | PRL | Antea Prevenci\\u00f3n\",\"description\":\"\",\"potentialAction\":[{\"@type\":\"SearchAction\",\"target\":\"https:\/\/www.anteaprevencion.com\/?s={search_term_string}\",\"query-input\":\"required name=search_term_string\"}],\"inLanguage\":\"ca\"},{\"@type\":\"ImageObject\",\"@id\":\"https:\/\/www.anteaprevencion.com\/sedes\/antea-antequera\/#primaryimage\",\"inLanguage\":\"ca\",\"url\":\"https:\/\/www.anteaprevencion.com\/wp-content\/uploads\/2021\/02\/antequera-wb.png\",\"width\":1000,\"height\":750},{\"@type\":\"WebPage\",\"@id\":\"https:\/\/www.anteaprevencion.com\/sedes\/antea-antequera\/#webpage\",\"url\":\"https:\/\/www.anteaprevencion.com\/sedes\/antea-antequera\/\",\"name\":\"Delegaci\\u00f3n de Antequera - Prevenci\\u00f3n de Riesgos Laborales | PRL | Antea Prevenci\\u00f3n\",\"isPartOf\":{\"@id\":\"https:\/\/www.anteaprevencion.com\/#website\"},\"primaryImageOfPage\":{\"@id\":\"https:\/\/www.anteaprevencion.com\/sedes\/antea-antequera\/#primaryimage\"},\"datePublished\":\"2021-02-25T11:02:14+00:00\",\"dateModified\":\"2023-11-13T08:27:48+00:00\",\"description\":\"{:es}Prevenci\\u00f3n Riesgos Laborales Vigilancia de la Salud{:}\",\"breadcrumb\":{\"@id\":\"https:\/\/www.anteaprevencion.com\/sedes\/antea-antequera\/#breadcrumb\"},\"inLanguage\":\"ca\",\"potentialAction\":[{\"@type\":\"ReadAction\",\"target\":[\"https:\/\/www.anteaprevencion.com\/sedes\/antea-antequera\/\"]}]},{\"@type\":\"BreadcrumbList\",\"@id\":\"https:\/\/www.anteaprevencion.com\/sedes\/antea-antequera\/#breadcrumb\",\"itemListElement\":[{\"@type\":\"ListItem\",\"position\":1,\"item\":{\"@type\":\"WebPage\",\"@id\":\"https:\/\/www.anteaprevencion.com\/\",\"url\":\"https:\/\/www.anteaprevencion.com\/\",\"name\":\"Portada\"}},{\"@type\":\"ListItem\",\"position\":2,\"item\":{\"@type\":\"WebPage\",\"@id\":\"https:\/\/www.anteaprevencion.com\/sedes\/\",\"url\":\"https:\/\/www.anteaprevencion.com\/sedes\/\",\"name\":\"Sedes\"}},{\"@type\":\"ListItem\",\"position\":3,\"item\":{\"@type\":\"WebPage\",\"@id\":\"https:\/\/www.anteaprevencion.com\/sedes\/antea-antequera\/\",\"url\":\"https:\/\/www.anteaprevencion.com\/sedes\/antea-antequera\/\",\"name\":\"Delegaci\\u00f3n de Antequera\"}}]}]}<\/script>\r\n<!-- \/ Yoast SEO plugin. -->","_links":{"self":[{"href":"https:\/\/www.anteaprevencion.com\/cat\/wp-json\/wp\/v2\/sedes\/3820"}],"collection":[{"href":"https:\/\/www.anteaprevencion.com\/cat\/wp-json\/wp\/v2\/sedes"}],"about":[{"href":"https:\/\/www.anteaprevencion.com\/cat\/wp-json\/wp\/v2\/types\/sedes"}],"wp:featuredmedia":[{"embeddable":true,"href":"https:\/\/www.anteaprevencion.com\/cat\/wp-json\/wp\/v2\/media\/4353"}],"wp:attachment":[{"href":"https:\/\/www.anteaprevencion.com\/cat\/wp-json\/wp\/v2\/media?parent=3820"}],"curies":[{"name":"wp","href":"https:\/\/api.w.org\/{rel}","templated":true}]}}